{"id":964,"date":"2017-12-04T00:12:58","date_gmt":"2017-12-03T23:12:58","guid":{"rendered":"https:\/\/yannbeauvais.com\/?page_id=964"},"modified":"2023-03-07T09:20:29","modified_gmt":"2023-03-07T08:20:29","slug":"expositionsexhibitionsmostras","status":"publish","type":"page","link":"https:\/\/yannbeauvais.com\/?page_id=964","title":{"rendered":"expositions\/exhibitions\/mostras"},"content":{"rendered":"<p>2023 :<em> Expos\u00e9es<\/em>, Palais de Tokyo, 16 f\u00e9vrier, 14 mai 2023, <em>Tu,sempre #16, Paris<a href=\"https:\/\/yannbeauvais.com\/wp-content\/uploads\/2014\/05\/D713271A-9BA6-4BF4-BFCA-3523C5F94CCB_1_105_c.jpeg\"><img loading=\"lazy\" decoding=\"async\" class=\"aligncenter size-medium wp-image-1837\" src=\"https:\/\/yannbeauvais.com\/wp-content\/uploads\/2014\/05\/D713271A-9BA6-4BF4-BFCA-3523C5F94CCB_1_105_c-300x168.jpeg\" sizes=\"auto, (max-width: 300px) 100vw, 300px\" srcset=\"https:\/\/yannbeauvais.com\/wp-content\/uploads\/2014\/05\/D713271A-9BA6-4BF4-BFCA-3523C5F94CCB_1_105_c-300x168.jpeg 300w, https:\/\/yannbeauvais.com\/wp-content\/uploads\/2014\/05\/D713271A-9BA6-4BF4-BFCA-3523C5F94CCB_1_105_c-1024x576.jpeg 1024w, https:\/\/yannbeauvais.com\/wp-content\/uploads\/2014\/05\/D713271A-9BA6-4BF4-BFCA-3523C5F94CCB_1_105_c-624x351.jpeg 624w, https:\/\/yannbeauvais.com\/wp-content\/uploads\/2014\/05\/D713271A-9BA6-4BF4-BFCA-3523C5F94CCB_1_105_c.jpeg 1182w\" alt=\"tu, sempre 16\" width=\"300\" height=\"168\" \/><\/a><\/em><\/p>\n<p>2022: <em>Imburaninha<\/em>, <em>Edson Barrus &amp; yann beauvais<\/em>\u00a0 Ygrec ENSAPC, 17 septembre 30 octobre, Aubervilliers<\/p>\n<p><a href=\"https:\/\/yannbeauvais.com\/wp-content\/uploads\/2014\/05\/2016-0915-web.jpg\"><img loading=\"lazy\" decoding=\"async\" class=\"aligncenter size-medium wp-image-1760\" src=\"https:\/\/yannbeauvais.com\/wp-content\/uploads\/2014\/05\/2016-0915-web-300x199.jpg\" alt=\"Imburaninha\" width=\"300\" height=\"199\" srcset=\"https:\/\/yannbeauvais.com\/wp-content\/uploads\/2014\/05\/2016-0915-web-300x199.jpg 300w, https:\/\/yannbeauvais.com\/wp-content\/uploads\/2014\/05\/2016-0915-web-624x414.jpg 624w, https:\/\/yannbeauvais.com\/wp-content\/uploads\/2014\/05\/2016-0915-web.jpg 903w\" sizes=\"auto, (max-width: 300px) 100vw, 300px\" \/><\/a><\/p>\n<p><em>Des Rives<\/em>, L&rsquo;\u00e2ge d&rsquo;or, Cinematek Royale de Belgique, 24 &#8211; 25 septembre, salle Plateau, Cinematek, Bruxelles<\/p>\n<p>2021: <em>VIH\/Sida l&rsquo;\u00e9pid\u00e9mie n&rsquo;est pas finie,<\/em> MUCEM 14 d\u00e9cembre 2021, 2 Mai 2022<em> Tu,sempre #15, <\/em>Marseille<em><br \/>\n<\/em><\/p>\n<p><a href=\"https:\/\/yannbeauvais.com\/wp-content\/uploads\/2017\/12\/IMG_7220.jpg\"><img loading=\"lazy\" decoding=\"async\" class=\"aligncenter size-medium wp-image-1751\" src=\"https:\/\/yannbeauvais.com\/wp-content\/uploads\/2017\/12\/IMG_7220-300x225.jpg\" alt=\"Tu, sempre # 15\" width=\"300\" height=\"225\" srcset=\"https:\/\/yannbeauvais.com\/wp-content\/uploads\/2017\/12\/IMG_7220-300x225.jpg 300w, https:\/\/yannbeauvais.com\/wp-content\/uploads\/2017\/12\/IMG_7220-1024x768.jpg 1024w, https:\/\/yannbeauvais.com\/wp-content\/uploads\/2017\/12\/IMG_7220-624x467.jpg 624w\" sizes=\"auto, (max-width: 300px) 100vw, 300px\" \/><\/a><\/p>\n<p><em>Artifacts, Tu, sempre #14, <\/em>commissariat Barbara Krulik, Midred Duran, Casa Hoffmann, 24 sep \/ 23 oct, Bogota<\/p>\n<p><a href=\"https:\/\/yannbeauvais.com\/wp-content\/uploads\/2017\/12\/Capture-d\u2019e\u0301cran-2022-05-17-a\u0300-12.12.44.png\"><img loading=\"lazy\" decoding=\"async\" class=\"aligncenter size-thumbnail wp-image-1749\" src=\"https:\/\/yannbeauvais.com\/wp-content\/uploads\/2017\/12\/Capture-d\u2019e\u0301cran-2022-05-17-a\u0300-12.12.44-150x150.png\" alt=\"Artifacts\" width=\"150\" height=\"150\" \/><\/a><\/p>\n<p><em>La page manquante, <\/em>commissariat Renaud-Auguste Dormeuil, Centre WAllonie Bruxelles, 5-14 mars Paris<\/p>\n<p>2019: <em>La page manquante, <\/em>commissariat Renaud-Auguste Dormeuil, Mus\u00e9e des Moulages H\u00f4pital Saint Louis 9 au 22 sep, Paris<\/p>\n<p>2017: <em>Frestas Trienal de Artes Sorocaba, Projeto Imburana Edson Barrus<\/em>, film Imburana Frestas, 12 de Agosto \/ 13 de Dezembro 2017, Sorocaba\u00a0 Sescsp, S\u00e3o Paulo<\/p>\n<p><em>Trouv\u00e9es M\u00e9trages<\/em> July 20th &#8211; August 18th, Curated by Deirdre Morrissey, The Mart Gallery, Dublin<\/p>\n<p><em>Voice = Survival<\/em> June 15th, August 11 an exhibition curated by Claudia Maria Carrera and Adrian Geraldo Salda\u00f1a for Visual AIDS at The 8th Floor, New York<\/p>\n<p><em>The New Situationists<\/em>, March 3rd, April 28th, ProArts, Oakland<\/p>\n<p>2016 <i>art protects<\/i> Aides, Galerie Yvon Lambert, Espace Fondation EDF, Paris<\/p>\n<p>2014<em>\u00a0yb 150213, 40 anos de cinemativismo de yann beauvais,<\/em>\u00a0curadoria Jean-Michel Bouhours, B\u00b3 Recife \u00a0 \u00a0 \u00a0 \u00a0<em>\u00a0 \u00a0<\/em><\/p>\n<p><em><a href=\"https:\/\/yannbeauvais.com\/wp-content\/uploads\/2014\/11\/20141129_173849.jpg\"><img loading=\"lazy\" decoding=\"async\" class=\"alignleft size-medium wp-image-1080\" src=\"https:\/\/yannbeauvais.com\/wp-content\/uploads\/2014\/11\/20141129_173849-300x225.jpg\" alt=\"20141129_173849\" width=\"300\" height=\"225\" srcset=\"https:\/\/yannbeauvais.com\/wp-content\/uploads\/2014\/11\/20141129_173849-300x225.jpg 300w, https:\/\/yannbeauvais.com\/wp-content\/uploads\/2014\/11\/20141129_173849-1024x768.jpg 1024w, https:\/\/yannbeauvais.com\/wp-content\/uploads\/2014\/11\/20141129_173849-624x467.jpg 624w\" sizes=\"auto, (max-width: 300px) 100vw, 300px\" \/><\/a><a href=\"https:\/\/yannbeauvais.com\/wp-content\/uploads\/2014\/11\/20141129_173822.jpg\"><img loading=\"lazy\" decoding=\"async\" class=\"alignleft size-medium wp-image-1081\" src=\"https:\/\/yannbeauvais.com\/wp-content\/uploads\/2014\/11\/20141129_173822-225x300.jpg\" alt=\"20141129_173822\" width=\"225\" height=\"300\" srcset=\"https:\/\/yannbeauvais.com\/wp-content\/uploads\/2014\/11\/20141129_173822-225x300.jpg 225w, https:\/\/yannbeauvais.com\/wp-content\/uploads\/2014\/11\/20141129_173822-768x1024.jpg 768w, https:\/\/yannbeauvais.com\/wp-content\/uploads\/2014\/11\/20141129_173822-624x832.jpg 624w\" sizes=\"auto, (max-width: 225px) 100vw, 225px\" \/><\/a><a href=\"https:\/\/yannbeauvais.com\/wp-content\/uploads\/2014\/11\/20141129_173849.jpg\"><br \/>\n<\/a><\/em><\/p>\n<p><em>\u00a0<\/em><\/p>\n<p><em>art protects Aides<\/em> <em>30 ans<\/em>, Galerie Yvon Lambert, Paris \u00a0 \u00a0 \u00a0 \u00a0 \u00a0 \u00a0 \u00a0 \u00a0 \u00a0 \u00a0 \u00a0 \u00a0 \u00a0 \u00a0 \u00a0 \u00a0 \u00a0 \u00a0 \u00a0 \u00a0 \u00a0 \u00a0 \u00a0 \u00a0 \u00a0 \u00a0 \u00a0 \u00a0 \u00a0 \u00a0 \u00a0 \u00a0 \u00a0 \u00a0 \u00a0 \u00a0 \u00a0 \u00a0\u00a0 Hezraelah,<i>\u00a0<\/i>in <i>TypeMotion Type as Image in Movemen<\/i>t, ZKM Museum of Contemporary Art, November 16, 2013 \u2013 January 12, 2014, Karlsruhe<\/p>\n<p>2013\u00a0Tu, sempre # 11<i>,\u00a0<\/i><i>Um dia sem arte<\/i>, B\u00b3, Recife \u00a0 \u00a0 \u00a0 \u00a0 \u00a0 \u00a0 \u00a0 \u00a0 \u00a0 \u00a0 \u00a0 \u00a0 \u00a0 \u00a0 \u00a0 \u00a0 \u00a0 \u00a0 \u00a0 \u00a0 \u00a0 \u00a0 \u00a0 \u00a0 \u00a0 \u00a0 \u00a0 \u00a0 \u00a0 \u00a0 \u00a0 \u00a0 \u00a0 \u00a0 \u00a0 \u00a0 \u00a0 \u00a0 \u00a0 \u00a0 \u00a0\u00a0 Artificial Poetic,<i>\u00a0Livre Film\u00e9<\/i>, 5eme Festival du livre de la Canebi\u00e8re, La compagnie, Marseille \u00a0 \u00a0 \u00a0 \u00a0 \u00a0 Artificial Poetic, <i>Book Machine,<\/i> Nouveau Festival, Centre Georges Pompidou, 20 f\u00e9vrier, 11 mars, Paris<\/p>\n<p>2011\u00a0<i>art protects<\/i>\u00a0Aides, Galerie Yvon Lambert, Paris<\/p>\n<p>2010 Tu sempre #10 <i>Conversations Intimes<\/i>, Mus\u00e9e d\u00e9partemental de l\u2019Oise, Beauvais \u00a0 \u00a0 \u00a0 \u00a0 \u00a0 \u00a0 \u00a0 \u00a0 \u00a0 \u00a0\u00a0 <i>Le r\u00e9el\u00a0: nouvel opium,<\/i> Galerie Files du Calvaire, Paris<\/p>\n<p>2009 <i>Les belles images\u00a0:<\/i> <i> Premi\u00e8re Hylpoth\u00e8se<\/i> La Box, Bourges<\/p>\n<p><a href=\"https:\/\/yannbeauvais.com\/wp-content\/uploads\/2014\/11\/affection-exon\u00e9rante-Bourges.jpg\"><img loading=\"lazy\" decoding=\"async\" class=\"alignleft size-medium wp-image-1031\" src=\"https:\/\/yannbeauvais.com\/wp-content\/uploads\/2014\/11\/affection-exon\u00e9rante-Bourges-300x200.jpg\" alt=\"affection exon\u00e9rante Bourges\" width=\"300\" height=\"200\" srcset=\"https:\/\/yannbeauvais.com\/wp-content\/uploads\/2014\/11\/affection-exon\u00e9rante-Bourges-300x200.jpg 300w, https:\/\/yannbeauvais.com\/wp-content\/uploads\/2014\/11\/affection-exon\u00e9rante-Bourges-1024x685.jpg 1024w, https:\/\/yannbeauvais.com\/wp-content\/uploads\/2014\/11\/affection-exon\u00e9rante-Bourges-624x417.jpg 624w\" sizes=\"auto, (max-width: 300px) 100vw, 300px\" \/><\/a><\/p>\n<p><i>art protects<\/i> Aides, Galerie Yvon Lambert, Paris \u00a0 \u00a0 \u00a0 \u00a0 \u00a0 \u00a0 \u00a0 \u00a0 \u00a0 \u00a0 \u00a0 \u00a0 \u00a0 \u00a0 \u00a0 \u00a0 \u00a0 \u00a0 \u00a0 \u00a0 \u00a0 \u00a0 \u00a0 \u00a0 \u00a0 \u00a0 \u00a0 \u00a0 \u00a0 \u00a0 \u00a0 \u00a0 \u00a0 \u00a0 \u00a0 \u00a0 \u00a0 \u00a0 \u00a0 \u00a0 \u00a0 \u00a0 \u00a0 \u00a0\u00a0 Tu sempre # 9 <i>L\u2019empathie des parties<\/i>&#8211; <i>Afinitats Electives<\/i> un projet de Miquel Mont et la complicit\u00e9 de Gloria Picazo et Noelle Tissier, Centre r\u00e9gional d\u2019art contemporain Languedoc-Roussillon, S\u00e8te<\/p>\n<p>2008 Affection exon\u00e9rante, <i>in Cosmos En busca de los or\u00edgenes, de Kupka a Kubrick<\/i>, c\u00f3misario Arnauld Pierre, Tenerife Espacio de las Artes, (TEA) Santa Cruz de Tenerife \u00a0 \u00a0 \u00a0 \u00a0 \u00a0 \u00a0 \u00a0 \u00a0 \u00a0 \u00a0 \u00a0 \u00a0 \u00a0 \u00a0 \u00a0 \u00a0 \u00a0 \u00a0 \u00a0 \u00a0 Tu sempre # 8 in <i>Afinitats Electives<\/i> un projecte de Miquel Mont amb la complicitat de Gloria Picazo i Noelle Tissier, Centre d\u2019art la Panera, Lleida \u00a0 \u00a0 \u00a0 \u00a0 \u00a0 \u00a0 \u00a0 \u00a0 \u00a0 \u00a0 \u00a0 \u00a0 \u00a0 \u00a0 \u00a0 \u00a0 \u00a0 \u00a0 \u00a0 \u00a0 \u00a0 \u00a0 \u00a0 \u00a0 \u00a0 \u00a0 \u00a0 \u00a0 \u00a0 \u00a0 \u00a0 \u00a0 \u00a0 \u00a0 \u00a0 \u00a0 \u00a0 \u00a0 \u00a0 \u00a0 Spin in <i>Yokohama VDO Collection 08<\/i>, estceunebonnenouvelle, Red Brick Ware House, Yokohama,<\/p>\n<p>2007 Da Galpao da Dona Ana em Petrolina,, in <i>Finestres i Pantalles<\/i>, selected by Miquel Mont\u00a0, Carmelitas Gallery, Barcelona \u00a0 \u00a0 \u00a0 \u00a0 \u00a0 \u00a0 \u00a0 \u00a0 \u00a0 \u00a0 \u00a0 \u00a0 \u00a0 \u00a0 \u00a0 \u00a0 \u00a0 \u00a0 \u00a0 \u00a0 \u00a0 \u00a0 \u00a0 \u00a0 \u00a0 \u00a0 \u00a0 \u00a0 \u00a0 \u00a0 \u00a0 \u00a0 \u00a0 \u00a0 \u00a0 \u00a0 \u00a0 \u00a0 \u00a0 \u00a0 \u00a0 \u00a0 \u00a0 \u00a0 \u00a0 \u00a0 \u00a0 \u00a0 \u00a0 \u00a0 \u00a0 \u00a0 \u00a0 \u00a0 \u00a0 \u00a0 \u00a0 <i>Instructions For Films<\/i>, Zoo Air Fair, Royal Academy of Arts, London \u00a0 \u00a0 \u00a0 \u00a0 \u00a0 \u00a0 \u00a0 \u00a0 \u00a0 \u00a0 \u00a0 \u00a0 \u00a0 \u00a0 \u00a0 \u00a0 \u00a0 \u00a0 \u00a0 \u00a0 \u00a0 \u00a0 \u00a0 \u00a0 \u00a0 \u00a0 \u00a0 <i>art protects<\/i> Aides, Galerie Yvon Lambert, Paris \u00a0 \u00a0 \u00a0 \u00a0 \u00a0 \u00a0 \u00a0 \u00a0 \u00a0 \u00a0 \u00a0 \u00a0 \u00a0 \u00a0 \u00a0 \u00a0 \u00a0 \u00a0 \u00a0 \u00a0 \u00a0 \u00a0 \u00a0 \u00a0 \u00a0 \u00a0 \u00a0 \u00a0 \u00a0 \u00a0 \u00a0 \u00a0 \u00a0 \u00a0 \u00a0 \u00a0 \u00a0 \u00a0 \u00a0 \u00a0 \u00a0 \u00a0 \u00a0 \u00a0 \u00a0 <i>Courts d\u2019Et\u00e9<\/i> , Sans titre Beijing\u00a0, Mus\u00e9e d\u2019Art Moderne et Contemporain de Strasbourg<\/p>\n<p>2006 , d\u2019ailleurs, <i>La montagne Sainte Victoire, vue(s) et revues<\/i>, Libraire K, Aix en Provence \u00a0 \u00a0 \u00a0 \u00a0 \u00a0 \u00a0 \u00a0 <i>Vues Urbaines<\/i>, Des rives, Kuntstraumm Walcheturm, Zurich \u00a0\u00a0\u00a0\u00a0\u00a0\u00a0\u00a0\u00a0\u00a0\u00a0\u00a0\u00a0\u00a0\u00a0\u00a0\u00a0\u00a0\u00a0\u00a0\u00a0\u00a0\u00a0\u00a0\u00a0\u00a0\u00a0\u00a0\u00a0\u00a0\u00a0\u00a0\u00a0\u00a0\u00a0\u00a0\u00a0\u00a0\u00a0\u00a0\u00a0\u00a0\u00a0\u00a0\u00a0\u00a0\u00a0\u00a0\u00a0\u00a0\u00a0\u00a0\u00a0\u00a0\u00a0\u00a0\u00a0\u00a0\u00a0\u00a0\u00a0\u00a0 <i>Paysages en travaux, des chemins de traverse entre l\u2019art vid\u00e9o &amp; documentaire<\/i>, Transbrasiliana 2 Parisud, Cachan \u00a0 \u00a0 \u00a0 \u00a0 \u00a0\u00a0\u00a0\u00a0\u00a0\u00a0\u00a0\u00a0\u00a0\u00a0\u00a0\u00a0\u00a0\u00a0\u00a0\u00a0\u00a0\u00a0\u00a0\u00a0\u00a0\u00a0\u00a0\u00a0\u00a0\u00a0\u00a0\u00a0\u00a0\u00a0\u00a0\u00a0\u00a0\u00a0\u00a0\u00a0\u00a0\u00a0\u00a0\u00a0\u00a0\u00a0\u00a0\u00a0\u00a0\u00a0\u00a0\u00a0\u00a0\u00a0\u00a0\u00a0\u00a0\u00a0\u00a0\u00a0\u00a0\u00a0\u00a0\u00a0\u00a0\u00a0\u00a0\u00a0\u00a0\u00a0\u00a0\u00a0\u00a0\u00a0\u00a0\u00a0\u00a0\u00a0\u00a0\u00a0\u00a0\u00a0\u00a0\u00a0\u00a0\u00a0\u00a0\u00a0\u00a0\u00a0\u00a0\u00a0\u00a0\u00a0\u00a0\u00a0\u00a0\u00a0\u00a0\u00a0\u00a0\u00a0\u00a0\u00a0\u00a0\u00a0\u00a0\u00a0\u00a0\u00a0\u00a0\u00a0\u00a0\u00a0\u00a0\u00a0\u00a0\u00a0\u00a0\u00a0\u00a0\u00a0\u00a0\u00a0\u00a0\u00a0\u00a0\u00a0\u00a0\u00a0\u00a0\u00a0\u00a0\u00a0 Shibuya<i>, Le mouvement des images<\/i>, Centre Georges Pompidou, Paris<\/p>\n<p>2005 Transbrasiliana, <i>Made in Brazil<\/i>, Centre d\u2019art contemporain Faux mouvement, Metz absente, <i>festival Bangkok \u00a0 \u00a0 \u00a0 \u00a0 \u00a0 \u00a0 \u00a0 \u00a0 \u00a0 \u00a0 \u00a0 \u00a0 \u00a0 \u00a0 \u00a0 \u00a0 \u00a0 \u00a0 \u00a0 \u00a0 \u00a0 \u00a0 \u00a0 \u00a0 \u00a0 \u00a0 \u00a0 \u00a0 \u00a0 \u00a0 \u00a0 \u00a0 \u00a0 \u00a0 \u00a0 \u00a0 \u00a0 \u00a0 \u00a0 \u00a0 \u00a0 \u00a0 \u00a0 \u00a0 \u00a0 \u00a0 \u00a0 \u00a0 \u00a0 \u00a0 \u00a0 \u00a0 \u00a0 \u00a0 \u00a0 \u00a0 \u00a0 \u00a0 \u00a0 \u00a0 \u00a0 \u00a0 \u00a0 \u00a0 <\/i><i>\u00abvue d\u2019ici\u00bb,<\/i> Shibuya, Centre d\u2019art contemporain Faux mouvement, Metz<\/p>\n<p>2004 Maison Rimbaud, absente , Charleville-Mezi\u00e8re \u00a0 \u00a0 \u00a0 \u00a0 \u00a0 \u00a0 \u00a0 \u00a0 \u00a0 \u00a0 \u00a0 \u00a0 \u00a0 \u00a0 \u00a0 \u00a0 \u00a0 \u00a0 \u00a0 \u00a0 \u00a0 \u00a0 \u00a0 \u00a0 \u00a0 \u00a0 \u00a0 \u00a0 \u00a0 \u00a0 \u00a0 \u00a0 \u00a0 \u00a0 \u00a0 \u00a0 \u00a0 \u00a0 \u00a0 <i>After Foucault<\/i>, Tu, sempre # 7, Vacarme, Les Vo\u00fbtes, Paris \u00a0 \u00a0 \u00a0 \u00a0 \u00a0 \u00a0 \u00a0 \u00a0 \u00a0 \u00a0 \u00a0 \u00a0 \u00a0 \u00a0 \u00a0 \u00a0 \u00a0 \u00a0 \u00a0 \u00a0 \u00a0 \u00a0 \u00a0 \u00a0 \u00a0 \u00a0 \u00a0 \u00a0 \u00a0 \u00a0 \u00a0 \u00a0 \u00a0 <i>Tu, sempre # 6<\/i> , La Compagnie, Marseille<\/p>\n<p>2003 <i>Tu, sempre # 5, Faisceau <\/i>Espace multim\u00e9dia de Gantner, Bourogne \u00a0 \u00a0 \u00a0 \u00a0 \u00a0 \u00a0 \u00a0 \u00a0 \u00a0 \u00a0 \u00a0 \u00a0 \u00a0 \u00a0 \u00a0 \u00a0 \u00a0 \u00a0 \u00a0 \u00a0 \u00a0\u00a0 <i>Tu, sempre # 4<\/i> , Galerie Faux mouvement, Metz \u00a0 \u00a0 \u00a0 \u00a0 \u00a0 \u00a0 \u00a0 \u00a0 \u00a0 \u00a0 \u00a0 \u00a0 \u00a0 \u00a0 \u00a0 \u00a0 \u00a0 \u00a0 \u00a0 \u00a0 \u00a0 \u00a0 \u00a0 \u00a0 \u00a0 \u00a0 \u00a0 \u00a0 \u00a0 \u00a0 \u00a0 \u00a0 \u00a0 \u00a0 \u00a0 \u00a0 \u00a0 \u00a0 \u00a0 \u00a0 \u00a0 \u00a0 <i>Tu, sempre # 3<\/i> , Galerie de l\u2019Ecole des Beaux Arts, Tours<\/p>\n<p>2002 <i>Tu, sempre # 2<\/i> , Galerie EOF, Paris<\/p>\n<p>2001 <i>Des rives<\/i> , Installation Des rives, Le Credac, Ivry sur Seine \u00a0 \u00a0 \u00a0 \u00a0 \u00a0 \u00a0 \u00a0 \u00a0 \u00a0 \u00a0 \u00a0 \u00a0 \u00a0 \u00a0 \u00a0 \u00a0 \u00a0 \u00a0\u00a0\u00a0\u00a0\u00a0\u00a0\u00a0\u00a0\u00a0\u00a0\u00a0\u00a0\u00a0\u00a0\u00a0\u00a0\u00a0\u00a0\u00a0\u00a0\u00a0\u00a0\u00a0\u00a0\u00a0\u00a0 <i>Vid\u00e9oformes <\/i>, Go, Go, Go, it&rsquo;s not disco, Mus\u00e9e du tapis , Clermont Ferrand\u00a0\u00a0\u00a0\u00a0\u00a0\u00a0\u00a0\u00a0\u00a0\u00a0\u00a0\u00a0\u00a0\u00a0\u00a0\u00a0\u00a0\u00a0\u00a0\u00a0\u00a0\u00a0\u00a0\u00a0\u00a0\u00a0\u00a0\u00a0\u00a0\u00a0\u00a0\u00a0\u00a0\u00a0\u00a0\u00a0\u00a0\u00a0 <i>Outras Paisagens<\/i> , Des rives, Museu Serralves, Porto \u00a0 \u00a0 \u00a0 \u00a0 \u00a0 \u00a0 \u00a0 \u00a0 \u00a0 \u00a0 \u00a0 \u00a0 \u00a0 \u00a0 \u00a0 \u00a0 \u00a0 \u00a0 \u00a0 \u00a0 \u00a0 \u00a0 \u00a0 \u00a0 \u00a0 \u00a0 \u00a0 \u00a0 \u00a0\u00a0 \u00a0 \u00a0\u00a0\u00a0\u00a0\u00a0\u00a0\u00a0\u00a0\u00a0\u00a0\u00a0\u00a0\u00a0\u00a0\u00a0\u00a0\u00a0 Tu, Sempre, <i>Festival Mettre en Sc\u00e8ne<\/i>, La Cri\u00e9e, Rennes<\/p>\n<p>2000 <i>Expanded Cinema<\/i>, Installation Des rives idea Wand 5, Stuttgart \u00a0 \u00a0 \u00a0 \u00a0 \u00a0 \u00a0 \u00a0 \u00a0 \u00a0 \u00a0 \u00a0 \u00a0 \u00a0 \u00a0 \u00a0 \u00a0 \u00a0 \u00a0 \u00a0 \u00a0 \u00a0 \u00a0 \u00a0 \u00a0 <i>Chilled out Cinema<\/i> , Installation Des rives, Link, Bologna \u00a0 \u00a0 \u00a0 \u00a0 \u00a0 \u00a0 \u00a0 \u00a0 \u00a0 \u00a0 \u00a0 \u00a0 \u00a0 \u00a0 \u00a0 \u00a0 \u00a0 \u00a0 \u00a0 \u00a0 \u00a0 \u00a0 \u00a0 \u00a0 \u00a0 \u00a0 \u00a0 \u00a0 \u00a0 \u00a0 \u00a0 \u00a0 \u00a0 \u00a0 \u00a0 <i>Festival des nouveaux m\u00e9dias<\/i>, Installation Des rives, Cin\u00e9math\u00e8que qu\u00e9bequoise, Montr\u00e9al \u00a0 \u00a0 \u00a0 <i>Netmage, Media magica<\/i>, Rotative Screen, Link et Installation Quatr&rsquo;un Palazzo Paloetti, Bologna<\/p>\n<p>1999 <i>SITuation COMpromettantes<\/i>, galerie Anton Weller et galerie Montenay-Giroux, Paris \u00a0 \u00a0 \u00a0 \u00a0 \u00a0 \u00a0 <i>Y2K le cin\u00e9ma d\u00e9cadr\u00e9<\/i>, Des rives, Quatr&rsquo;un, Washang Art Center, Taipei \u00a0\u00a0\u00a0\u00a0\u00a0\u00a0\u00a0\u00a0\u00a0\u00a0\u00a0\u00a0\u00a0\u00a0\u00a0\u00a0\u00a0\u00a0\u00a0\u00a0\u00a0\u00a0\u00a0\u00a0\u00a0\u00a0\u00a0\u00a0\u00a0\u00a0\u00a0\u00a0\u00a0\u00a0\u00a0\u00a0\u00a0\u00a0\u00a0\u00a0\u00a0\u00a0\u00a0 <i>Machines de cin\u00e9ma<\/i>, Installation Des rives Spoutnik, Gen\u00e8ve<\/p>\n<p>1997 <i>Ouverture Mus\u00e9e d\u2019art moderne et contemporain<\/i>, Ken et le m\u00e8tre, Strasbourg<\/p>\n<p>1996 <i>yann beauvais,<\/i> Anne-Marie Cornu, Emmanuel Odin, Installation Faisceau 2, Centre d\u2019art Rueil Malmaison \u00a0 \u00a0 \u00a0 \u00a0 \u00a0 \u00a0 \u00a0 \u00a0 \u00a0 \u00a0 \u00a0 \u00a0 \u00a0 \u00a0 \u00a0 \u00a0 \u00a0 \u00a0 \u00a0 \u00a0 \u00a0 \u00a0 \u00a0 \u00a0 \u00a0 \u00a0 \u00a0 \u00a0 \u00a0 \u00a0 \u00a0 \u00a0 \u00a0 \u00a0 \u00a0 \u00a0 \u00a0 \u00a0 \u00a0 \u00a0 \u00a0 \u00a0 \u00a0 \u00a0 \u00a0 \u00a0 \u00a0 \u00a0 \u00a0 \u00a0 \u00a0 \u00a0 \u00a0 \u00a0 \u00a0 \u00a0 \u00a0 \u00a0 \u00a0 \u00a0 \u00a0 \u00a0 \u00a0 \u00a0 \u00a0 \u00a0 \u00a0 \u00a0 \u00a0 \u00a0\u00a0 <i>D\u00e9fil\u00e9 de film Re-cadr\u00e9<\/i>, l&rsquo;Alhambra, Installation Faisceau, Marseille<\/p>\n<p>1995 <i>De ci De l\u00e0, Du Cin\u00e9ma &lsquo;Hui et au del\u00e0<\/i>, Quatr&rsquo;un Mus\u00e9e des Beaux-arts, chapelle de l&rsquo;Oratoire, Nantes\u00a0\u00a0\u00a0\u00a0\u00a0\u00a0\u00a0\u00a0\u00a0\u00a0\u00a0\u00a0\u00a0\u00a0\u00a0\u00a0\u00a0\u00a0\u00a0\u00a0\u00a0\u00a0\u00a0\u00a0\u00a0\u00a0\u00a0\u00a0\u00a0\u00a0\u00a0\u00a0\u00a0\u00a0\u00a0\u00a0\u00a0\u00a0\u00a0\u00a0\u00a0\u00a0\u00a0\u00a0\u00a0\u00a0\u00a0\u00a0\u00a0\u00a0\u00a0\u00a0\u00a0\u00a0\u00a0\u00a0\u00a0\u00a0\u00a0\u00a0\u00a0\u00a0\u00a0\u00a0\u00a0\u00a0\u00a0\u00a0\u00a0\u00a0\u00a0\u00a0\u00a0\u00a0\u00a0\u00a0\u00a0\u00a0\u00a0\u00a0\u00a0\u00a0\u00a0\u00a0\u00a0\u00a0\u00a0\u00a0\u00a0\u00a0\u00a0\u00a0\u00a0\u00a0\u00a0\u00a0\u00a0\u00a0\u00a0\u00a0\u00a0\u00a0\u00a0\u00a0\u00a0\u00a0\u00a0\u00a0\u00a0\u00a0\u00a0\u00a0\u00a0\u00a0\u00a0\u00a0\u00a0\u00a0\u00a0\u00a0\u00a0\u00a0\u00a0\u00a0\u00a0\u00a0\u00a0\u00a0\u00a0\u00a0\u00a0\u00a0\u00a0\u00a0\u00a0\u00a0 <i>La roue est \u00e0 nu<\/i>, Inauguration de la rue Marcel Duchamp, Paris\u00a0\u00a0\u00a0\u00a0\u00a0\u00a0\u00a0\u00a0\u00a0\u00a0\u00a0\u00a0\u00a0\u00a0\u00a0\u00a0\u00a0\u00a0\u00a0\u00a0\u00a0\u00a0\u00a0\u00a0\u00a0\u00a0\u00a0\u00a0\u00a0\u00a0\u00a0\u00a0\u00a0\u00a0\u00a0\u00a0\u00a0\u00a0\u00a0\u00a0\u00a0\u00a0\u00a0\u00a0\u00a0\u00a0\u00a0\u00a0\u00a0\u00a0\u00a0\u00a0 <i>D\u00e9fil\u00e9 de film Re-cadr\u00e9<\/i>, Installation Temps de m\u00e8tre La Zonm\u00e9e, Montreuil<\/p>\n<p>1993 <i>D\u00e9fil\u00e9 de film D\u00e9cadr\u00e9<\/i>, Installation Quatr&rsquo;un, La Zonm\u00e9e, Montreuil \u00a0 \u00a0 \u00a0 \u00a0 \u00a0 \u00a0 \u00a0 \u00a0 \u00a0 \u00a0 \u00a0 \u00a0 \u00a0 \u00a0 \u00a0 \u00a0 \u00a0 \u00a0 \u00a0 \u00a0 \u00a0 \u00a0 <i>Le cin\u00e9ma comme installation<\/i>, Quatr&rsquo;unl&rsquo;Alhambra, Marseille, \u00a0 \u00a0 \u00a0 \u00a0 \u00a0 \u00a0 \u00a0 \u00a0 \u00a0 \u00a0 \u00a0 \u00a0 \u00a0 \u00a0 \u00a0 \u00a0 \u00a0 \u00a0 \u00a0 \u00a0 \u00a0 \u00a0 \u00a0 \u00a0 \u00a0 \u00a0 \u00a0 \u00a0 \u00a0 \u00a0 \u00a0\u00a0 <i>Arr\u00eat sur Image 3<\/i>, photos, La Zonm\u00e9e, Montreuil \u00a0 \u00a0 \u00a0 \u00a0 \u00a0 \u00a0 \u00a0 \u00a0 \u00a0 \u00a0 \u00a0 \u00a0 \u00a0 \u00a0 \u00a0 \u00a0 \u00a0 \u00a0 \u00a0 \u00a0 \u00a0 \u00a0 \u00a0 \u00a0 \u00a0 \u00a0 \u00a0 \u00a0 \u00a0 \u00a0 \u00a0 \u00a0 \u00a0 \u00a0 \u00a0 \u00a0 \u00a0 \u00a0 \u00a0 \u00a0 \u00a0\u00a0 <i>Images en sc\u00e8ne<\/i>, Image 3000, Installation Quatr&rsquo;un, Palais de Tokyo, Paris \u00a0 \u00a0 \u00a0 \u00a0 \u00a0 \u00a0 \u00a0 \u00a0 \u00a0 \u00a0 \u00a0 \u00a0 \u00a0 \u00a0 \u00a0 \u00a0 \u00a0 \u00a0 \u00a0 \u00a0 \u00a0 <i>Le cin\u00e9ma s&rsquo;installe<\/i>, Installation film Store 102, Grenoble<\/p>\n<p>1985 <i>Vid\u00e9o installation<\/i>, Enjeux, The Fridge, London<\/p>\n<p>1983 <i>Art Cin\u00e9ma<\/i>, frozen film frame According to&#8230; et photos, Issy-les-Moulineaux<\/p>\n","protected":false},"excerpt":{"rendered":"<p>2023 : Expos\u00e9es, Palais de Tokyo, 16 f\u00e9vrier, 14 mai 2023, Tu,sempre #16, Paris 2022: Imburaninha, Edson Barrus &amp; yann beauvais\u00a0 Ygrec ENSAPC, 17 septembre 30 octobre, Aubervilliers Des Rives, L&rsquo;\u00e2ge d&rsquo;or, Cinematek Royale de Belgique, 24 &#8211; 25 septembre, salle Plateau, Cinematek, Bruxelles 2021: VIH\/Sida l&rsquo;\u00e9pid\u00e9mie n&rsquo;est pas finie, MUCEM 14 d\u00e9cembre 2021, 2 [&hellip;]<\/p>\n","protected":false},"author":1,"featured_media":0,"parent":0,"menu_order":0,"comment_status":"closed","ping_status":"open","template":"","meta":{"_acf_changed":false,"footnotes":""},"class_list":["post-964","page","type-page","status-publish","hentry"],"acf":[],"_links":{"self":[{"href":"https:\/\/yannbeauvais.com\/index.php?rest_route=\/wp\/v2\/pages\/964","targetHints":{"allow":["GET"]}}],"collection":[{"href":"https:\/\/yannbeauvais.com\/index.php?rest_route=\/wp\/v2\/pages"}],"about":[{"href":"https:\/\/yannbeauvais.com\/index.php?rest_route=\/wp\/v2\/types\/page"}],"author":[{"embeddable":true,"href":"https:\/\/yannbeauvais.com\/index.php?rest_route=\/wp\/v2\/users\/1"}],"replies":[{"embeddable":true,"href":"https:\/\/yannbeauvais.com\/index.php?rest_route=%2Fwp%2Fv2%2Fcomments&post=964"}],"version-history":[{"count":31,"href":"https:\/\/yannbeauvais.com\/index.php?rest_route=\/wp\/v2\/pages\/964\/revisions"}],"predecessor-version":[{"id":1841,"href":"https:\/\/yannbeauvais.com\/index.php?rest_route=\/wp\/v2\/pages\/964\/revisions\/1841"}],"wp:attachment":[{"href":"https:\/\/yannbeauvais.com\/index.php?rest_route=%2Fwp%2Fv2%2Fmedia&parent=964"}],"curies":[{"name":"wp","href":"https:\/\/api.w.org\/{rel}","templated":true}]}}